{"id":6,"date":"2021-11-14T01:42:25","date_gmt":"2021-11-14T01:42:25","guid":{"rendered":"https:\/\/themenectar.com\/salient\/architect\/?page_id=6"},"modified":"2026-08-12T18:03:39","modified_gmt":"2026-08-12T18:03:39","slug":"salient-architect-about-2","status":"publish","type":"page","link":"https:\/\/zanattafigueiredo.com\/?page_id=6","title":{"rendered":"Sobre"},"content":{"rendered":"[vc_row type=&#8221;in_container&#8221; full_screen_row_position=&#8221;middle&#8221; column_margin=&#8221;default&#8221; column_direction=&#8221;default&#8221; column_direction_tablet=&#8221;default&#8221; column_direction_phone=&#8221;default&#8221; scene_position=&#8221;center&#8221; top_padding=&#8221;5%&#8221; text_color=&#8221;dark&#8221; text_align=&#8221;left&#8221; row_border_radius=&#8221;none&#8221; row_border_radius_applies=&#8221;bg&#8221; overflow=&#8221;visible&#8221; overlay_strength=&#8221;0.3&#8243; gradient_direction=&#8221;left_to_right&#8221; shape_divider_position=&#8221;bottom&#8221; bg_image_animation=&#8221;none&#8221; gradient_type=&#8221;default&#8221; shape_type=&#8221;&#8221;][vc_column column_padding=&#8221;no-extra-padding&#8221; column_padding_tablet=&#8221;inherit&#8221; column_padding_phone=&#8221;inherit&#8221; column_padding_position=&#8221;all&#8221; column_element_direction_desktop=&#8221;default&#8221; column_element_spacing=&#8221;default&#8221; desktop_text_alignment=&#8221;default&#8221; tablet_text_alignment=&#8221;default&#8221; phone_text_alignment=&#8221;default&#8221; background_color_opacity=&#8221;1&#8243; background_hover_color_opacity=&#8221;1&#8243; column_backdrop_filter=&#8221;none&#8221; column_shadow=&#8221;none&#8221; column_border_radius=&#8221;none&#8221; column_link_target=&#8221;_self&#8221; column_position=&#8221;default&#8221; gradient_direction=&#8221;left_to_right&#8221; overlay_strength=&#8221;0.3&#8243; width=&#8221;1\/1&#8243; tablet_width_inherit=&#8221;default&#8221; animation_type=&#8221;default&#8221; bg_image_animation=&#8221;none&#8221; border_type=&#8221;simple&#8221; column_border_width=&#8221;none&#8221; column_border_style=&#8221;solid&#8221;][\/vc_column][\/vc_row][vc_row type=&#8221;full_width_content&#8221; full_screen_row_position=&#8221;middle&#8221; column_margin=&#8221;default&#8221; column_direction=&#8221;default&#8221; column_direction_tablet=&#8221;default&#8221; column_direction_phone=&#8221;default&#8221; scene_position=&#8221;center&#8221; top_padding=&#8221;5%&#8221; bottom_padding=&#8221;5%&#8221; left_padding_desktop=&#8221;6%&#8221; constrain_group_2=&#8221;yes&#8221; right_padding_desktop=&#8221;6%&#8221; top_padding_tablet=&#8221;10%&#8221; constrain_group_3=&#8221;yes&#8221; bottom_padding_tablet=&#8221;10%&#8221; text_color=&#8221;dark&#8221; text_align=&#8221;left&#8221; row_border_radius=&#8221;none&#8221; row_border_radius_applies=&#8221;bg&#8221; overflow=&#8221;visible&#8221; id=&#8221;team&#8221; advanced_gradient_angle=&#8221;0&#8243; overlay_strength=&#8221;0.3&#8243; gradient_direction=&#8221;left_to_right&#8221; shape_divider_position=&#8221;bottom&#8221; bg_image_animation=&#8221;none&#8221; gradient_type=&#8221;default&#8221; shape_type=&#8221;&#8221;][vc_column column_padding=&#8221;no-extra-padding&#8221; column_padding_tablet=&#8221;inherit&#8221; column_padding_phone=&#8221;inherit&#8221; column_padding_position=&#8221;all&#8221; column_element_direction_desktop=&#8221;default&#8221; column_element_spacing=&#8221;default&#8221; desktop_text_alignment=&#8221;default&#8221; tablet_text_alignment=&#8221;default&#8221; phone_text_alignment=&#8221;default&#8221; sticky_content=&#8221;true&#8221; sticky_content_functionality=&#8221;css&#8221; sticky_content_alignment=&#8221;default&#8221; background_color_opacity=&#8221;1&#8243; background_hover_color_opacity=&#8221;1&#8243; column_backdrop_filter=&#8221;none&#8221; column_shadow=&#8221;none&#8221; column_border_radius=&#8221;none&#8221; column_link_target=&#8221;_self&#8221; column_position=&#8221;default&#8221; advanced_gradient_angle=&#8221;0&#8243; gradient_direction=&#8221;left_to_right&#8221; overlay_strength=&#8221;0.3&#8243; width=&#8221;1\/3&#8243; tablet_width_inherit=&#8221;default&#8221; animation_type=&#8221;default&#8221; enable_animation=&#8221;true&#8221; animation=&#8221;fade-in-from-bottom&#8221; animation_easing=&#8221;default&#8221; bg_image_animation=&#8221;none&#8221; border_type=&#8221;simple&#8221; column_border_width=&#8221;none&#8221; column_border_style=&#8221;solid&#8221; gradient_type=&#8221;default&#8221;][split_line_heading animation_type=&#8221;line-reveal-by-space&#8221; font_style=&#8221;h2&#8243; line_reveal_by_space_text_effect=&#8221;none&#8221; content_alignment=&#8221;default&#8221; mobile_content_alignment=&#8221;inherit&#8221; link_target=&#8221;_self&#8221; text_content=&#8221;Sobre&#8221; font_size=&#8221;2vw&#8221; text_direction=&#8221;default&#8221;][\/split_line_heading][split_line_heading animation_type=&#8221;line-reveal-by-space&#8221; font_style=&#8221;p&#8221; line_reveal_by_space_text_effect=&#8221;none&#8221; content_alignment=&#8221;default&#8221; mobile_content_alignment=&#8221;inherit&#8221; link_target=&#8221;_self&#8221; text_content=&#8221;Fundado em 2014, Zanatta Figueiredo Arquitetos Associados surge da parceria entre os arquitetos Vitor Zanatta e Vin\u00edcius Figueiredo.<\/p>\n<p>O comprometimento do escrit\u00f3rio com a produ\u00e7\u00e3o da arquitetura e sua inser\u00e7\u00e3o urbana materializa-se no projeto e processo construtivo, aliando concep\u00e7\u00e3o e t\u00e9cnica ao contexto contempor\u00e2neo.&#8221; font_size=&#8221;0.9vw&#8221; font_line_height=&#8221;1.7&#8243; font_size_tablet=&#8221;18&#8243; font_size_phone=&#8221;16&#8243; text_direction=&#8221;default&#8221;][\/split_line_heading][\/vc_column][vc_column column_padding=&#8221;padding-6-percent&#8221; column_padding_tablet=&#8221;no-extra-padding&#8221; column_padding_phone=&#8221;no-extra-padding&#8221; column_padding_position=&#8221;left&#8221; column_element_direction_desktop=&#8221;default&#8221; column_element_spacing=&#8221;0px&#8221; desktop_text_alignment=&#8221;default&#8221; tablet_text_alignment=&#8221;default&#8221; phone_text_alignment=&#8221;default&#8221; background_color_opacity=&#8221;1&#8243; background_hover_color_opacity=&#8221;1&#8243; column_backdrop_filter=&#8221;none&#8221; column_shadow=&#8221;none&#8221; column_border_radius=&#8221;none&#8221; column_link_target=&#8221;_self&#8221; column_position=&#8221;default&#8221; advanced_gradient_angle=&#8221;0&#8243; gradient_direction=&#8221;left_to_right&#8221; overlay_strength=&#8221;0.3&#8243; width=&#8221;2\/3&#8243; tablet_width_inherit=&#8221;default&#8221; animation_type=&#8221;default&#8221; bg_image_animation=&#8221;none&#8221; border_type=&#8221;simple&#8221; column_border_width=&#8221;none&#8221; column_border_style=&#8221;solid&#8221; gradient_type=&#8221;default&#8221;][vc_row_inner column_margin=&#8221;30px&#8221; column_direction=&#8221;default&#8221; column_direction_tablet=&#8221;default&#8221; column_direction_phone=&#8221;default&#8221; bottom_padding=&#8221;20&#8243; top_padding_tablet=&#8221;40&#8243; bottom_padding_tablet=&#8221;0&#8243; text_align=&#8221;left&#8221; row_position=&#8221;default&#8221; row_position_tablet=&#8221;inherit&#8221; row_position_phone=&#8221;inherit&#8221; overflow=&#8221;visible&#8221; pointer_events=&#8221;all&#8221;][vc_column_inner column_padding=&#8221;no-extra-padding&#8221; column_padding_tablet=&#8221;inherit&#8221; column_padding_phone=&#8221;inherit&#8221; column_padding_position=&#8221;all&#8221; column_element_direction_desktop=&#8221;default&#8221; column_element_spacing=&#8221;default&#8221; desktop_text_alignment=&#8221;default&#8221; tablet_text_alignment=&#8221;default&#8221; phone_text_alignment=&#8221;default&#8221; background_color_opacity=&#8221;1&#8243; background_hover_color_opacity=&#8221;1&#8243; column_backdrop_filter=&#8221;none&#8221; column_shadow=&#8221;none&#8221; column_border_radius=&#8221;none&#8221; column_link_target=&#8221;_self&#8221; overflow=&#8221;visible&#8221; advanced_gradient_angle=&#8221;0&#8243; gradient_direction=&#8221;left_to_right&#8221; overlay_strength=&#8221;0.3&#8243; width=&#8221;1\/2&#8243; tablet_width_inherit=&#8221;small_desktop&#8221; animation_type=&#8221;default&#8221; bg_image_animation=&#8221;none&#8221; border_type=&#8221;simple&#8221; column_border_width=&#8221;none&#8221; column_border_style=&#8221;solid&#8221; gradient_type=&#8221;default&#8221;][team_member image_url=&#8221;436&#8243; bio_alt_image_url=&#8221;436&#8243; team_memeber_style=&#8221;bio_fullscreen_alt&#8221; bio_fullscreen_alt_parallax=&#8221;true&#8221; bio_fullscreen_alt_hide_link_arrow=&#8221;true&#8221; image_loading=&#8221;default&#8221; team_member_bio_full_html=&#8221;html&#8221; hide_link_arrow=&#8221;true&#8221; name=&#8221;Vitor Zanatta&#8221; job_position=&#8221;S\u00f3cio Fundador&#8221; image_size=&#8221;regular&#8221; social_icon_1=&#8221;fa fa-instagram&#8221; social_link_1=&#8221;#&#8221; social_icon_2=&#8221;fa fa-twitter&#8221; social_link_2=&#8221;#&#8221;]Nascido em Crici\u00fama, Santa Catarina.<\/p>\n<p>Cursou a Universidade Federal de Santa Catarina entre 2003 e 2010. Cursou atelier de projeto na Universidade do Minho em Guimar\u00e3es-Portu<wbr \/>gal, no per\u00edodo entre 2008 e 2009.<\/p>\n<p><strong>PERCURSO<\/strong><\/p>\n<p>2013 &#8211; Concurso Nacional de Arquitetura \u2013 Casa PVC.<\/p>\n<p>2013 &#8211; Concurso P\u00fablico Nacional Complexo do Minist\u00e9rio P\u00fablico da Para\u00edba em Jo\u00e3o Pessoa.<\/p>\n<p>2012 &#8211; Projeto da Resid\u00eancia SS com o escrit\u00f3rio Central Arquitetos.<\/p>\n<p><i>Projeto publicado no caderno Casa do Estad\u00e3o \u2013 2013.<\/i><\/p>\n<p>2012 &#8211; Concurso Nacional de Arquitetura para o Campus Cabral da Universidade Federal do Paran\u00e1 em Bras\u00edl com o escrit\u00f3rio Central Arquitetos.<\/p>\n<p>2012-2014 &#8211; Arquiteto colaborador no escrit\u00f3rio Central Arquitetos \u2013 S\u00e3o Paulo, Brasil \/ Portugal \/ Angola.<\/p>\n<p>2011-2012 Arquiteto colaborador no projeto para o Terminal 3 do Aeroporto de Guarulhos com o escrit\u00f3rio\u00a0Biselli + Katchborian Arquitetos Associados \u2013 S\u00e3o Paulo, Brasil.<\/p>\n<p>2011_ Concurso Nacional de Arquitetura para Sede IAB \u2013 Tocantins.<\/p>\n<p>2010_ Concurso Nacional de Arquitetura para Sede Conf. Nacional dos Munic\u00edpios em Bras\u00edlia.<\/p>\n<p><i>Premia\u00e7\u00e3o: Men\u00e7\u00e3o honrosa.<\/i><\/p>\n<p>2010_ Concurso Nacional de Arquitetura Uma escola para Guin\u00e9 \u2013 Bissau.<\/p>\n<p><i>Premia\u00e7\u00e3o: 4\u00ba lugar.<\/i><\/p>\n<p>2010 &#8211; Concurso Nacional de Arquitetura para Sede do Conselho Regional de Administra\u00e7\u00e3o em Florian\u00f3polis. Colabora\u00e7\u00e3o com Jobim Carlevaro Arquitetos.<\/p>\n<p><i>Premia\u00e7\u00e3o: 4\u00ba lugar.<\/i><\/p>\n<p>2010_ Concurso Nacional de Arquitetura para Biblioteca P\u00fablica de Santa Catarina. Colabora\u00e7\u00e3o com Jobim Carlevaro Arquitetos.<\/p>\n<p><i>Premia\u00e7\u00e3o: 4\u00ba lugar.<\/i><\/p>\n<p><i>Projeto exposto na Nona Bienal Internacional de Arquitetura de S\u00e3o Paulo \u2013 2011.<\/i><\/p>\n<p>2010_ Arquiteto\u00a0colaborador no projeto para o Centro Administrativo de Chapec\u00f3 com o escrit\u00f3rio Jobim Carlevaro Arquitetos.<\/p>\n<p>2010-2011_Arquiteto colaborador no escrit\u00f3rio Jobim Carlevaro Arquitetos \u2013 Florian\u00f3polis, Brasil.<\/p>\n<p>2008_ Concurso Nacional de Id\u00e9ias para Estudantes de Arquitetura e Urbanismo: Sustentabilidade em Edifica\u00e7\u00f5es P\u00fablicas \u2013 Mercado P\u00fablico<\/p>\n<p><i>Premia\u00e7\u00e3o: Men\u00e7\u00e3o Honrosa.<\/i><\/p>\n<p>2008_ Concurso Nacional de Arquitetura para Centro de Refer\u00eancia em Empreendedorismo SEBRAE\u2013MG \u2013 jul\/2008 a set\/2008. Colabora\u00e7\u00e3o com Enrique Brena.<\/p>\n<p><i>Premia\u00e7\u00e3o: 3\u00ba lugar.<\/i><\/p>\n<p>2007_ Concurso Latino-Americano Bienal Jos\u00e9 Miguel Aroztegui de Arquitetura Bioclim\u00e1tica para Estudantes<\/p>\n<p><i>Premia\u00e7\u00e3o: 2\u00ba lugar.<\/i><\/p>\n<p>2005_Concurso Nacional Pr\u00e9 Fabricados para Estudantes \u2013 Conjunto Habitacional.<\/p>\n<p><i>Premia\u00e7\u00e3o: 1\u00ba lugar.<\/i>[\/team_member][\/vc_column_inner][vc_column_inner column_padding=&#8221;no-extra-padding&#8221; column_padding_tablet=&#8221;inherit&#8221; column_padding_phone=&#8221;inherit&#8221; column_padding_position=&#8221;all&#8221; column_element_direction_desktop=&#8221;default&#8221; column_element_spacing=&#8221;default&#8221; desktop_text_alignment=&#8221;default&#8221; tablet_text_alignment=&#8221;default&#8221; phone_text_alignment=&#8221;default&#8221; background_color_opacity=&#8221;1&#8243; background_hover_color_opacity=&#8221;1&#8243; column_backdrop_filter=&#8221;none&#8221; column_shadow=&#8221;none&#8221; column_border_radius=&#8221;none&#8221; column_link_target=&#8221;_self&#8221; overflow=&#8221;visible&#8221; advanced_gradient_angle=&#8221;0&#8243; gradient_direction=&#8221;left_to_right&#8221; overlay_strength=&#8221;0.3&#8243; width=&#8221;1\/2&#8243; tablet_width_inherit=&#8221;small_desktop&#8221; animation_type=&#8221;default&#8221; bg_image_animation=&#8221;none&#8221; border_type=&#8221;simple&#8221; column_border_width=&#8221;none&#8221; column_border_style=&#8221;solid&#8221; gradient_type=&#8221;default&#8221;][team_member image_url=&#8221;437&#8243; bio_alt_image_url=&#8221;437&#8243; team_memeber_style=&#8221;bio_fullscreen_alt&#8221; bio_fullscreen_alt_parallax=&#8221;true&#8221; bio_fullscreen_alt_hide_link_arrow=&#8221;true&#8221; image_loading=&#8221;default&#8221; team_member_bio_full_html=&#8221;html&#8221; hide_link_arrow=&#8221;true&#8221; name=&#8221;Vin\u00edcius Figueiredo&#8221; job_position=&#8221;S\u00f3cio Fundador&#8221; image_size=&#8221;regular&#8221; social_icon_1=&#8221;fa fa-facebook&#8221; social_link_1=&#8221;#&#8221; social_icon_2=&#8221;fa fa-envelope&#8221; social_link_2=&#8221;#&#8221;]Nascido em Bel\u00e9m, Par\u00e1.<\/p>\n<p>Cursou a Universidade Federal do Par\u00e1 entre 2004 e 2009. P\u00f3s Graduado pela Universidade Presbiteriana Mackenzie no curso \u201cProjeto de Arquitetura na Cidade Contempor\u00e2nea\u201d.<\/p>\n<p><strong>PERCURSO<\/strong><\/p>\n<p>2012-2014 &#8211; Arquiteto colaborador no projeto de expans\u00e3o do shopping Plaza Avenida, em S\u00e3o jos\u00e9 do Rio Preto, com o escrit\u00f3rio Biselli + Katchborian Arquitetos Associados.<\/p>\n<p>2013 &#8211; Concurso Nacional de Arquitetura \u2013 Casa PVC.<\/p>\n<p>2013 &#8211; Concurso P\u00fablico Nacional Complexo do Minist\u00e9rio P\u00fablico da Para\u00edba em Jo\u00e3o Pessoa.<\/p>\n<p>2013 &#8211; Concurso Nacional de Arquitetura para a Sede da FATMA\/FAPESC. Colabora\u00e7\u00e3o com Biselli + Katchborian Arquitetos Associados.<\/p>\n<p>2012-2014 &#8211; Arquiteto colaborador no projeto Mall Granja Viana com o escrit\u00f3rio Biselli + Katchborian Arquitetos Associados.<\/p>\n<p>2011-2012 &#8211; Arquiteto colaborador no projeto para o Terminal 3 do Aeroporto de Guarulhos com o escrit\u00f3rio Biselli + Katchborian Arquitetos Associados \u2013 S\u00e3o Paulo, Brasil.<\/p>\n<p>2012 &#8211; Concurso Nacional de Arquitetura para a sede da CEAP em Planaltina\/DF. Colabora\u00e7\u00e3o com Biselli + Katchborian Arquitetos Associados.<\/p>\n<p><i>Premia\u00e7\u00e3o: Men\u00e7\u00e3o Honrosa<\/i><i>.<\/i><\/p>\n<p>2011-2014 &#8211; Arquiteto colaborador no escrit\u00f3rio Biselli + Katchborian Arquitetos Associados.<\/p>\n<p>2009-2010 &#8211; Arquiteto colaborador no escrit\u00f3rio DPJ Arquitetos Associados.<\/p>\n<p>2009 &#8211; Arquiteto colaborador no projeto \u201cA\u00e7\u00e3o Metr\u00f3pole\u201d do governo do Estado do Par\u00e1 em parceria com a JICA (Japan International Cooperation Agency).<\/p>\n<p>2009 &#8211; Arquiteto colaborador no projeto P\u00f3rtico Metr\u00f3pole com o escrit\u00f3rio Meia.Dois.Nove.[\/team_member][\/vc_column_inner][\/vc_row_inner][\/vc_column][\/vc_row]\n","protected":false},"excerpt":{"rendered":"<p>[vc_row type=&#8221;in_container&#8221; full_screen_row_position=&#8221;middle&#8221; column_margin=&#8221;default&#8221; column_direction=&#8221;default&#8221; column_direction_tablet=&#8221;default&#8221; column_direction_phone=&#8221;default&#8221; scene_position=&#8221;center&#8221; top_padding=&#8221;5%&#8221; text_color=&#8221;dark&#8221; text_align=&#8221;left&#8221; row_border_radius=&#8221;none&#8221; row_border_radius_applies=&#8221;bg&#8221; overflow=&#8221;visible&#8221; overlay_strength=&#8221;0.3&#8243; gradient_direction=&#8221;left_to_right&#8221; shape_divider_position=&#8221;bottom&#8221; bg_image_animation=&#8221;none&#8221; gradient_type=&#8221;default&#8221; shape_type=&#8221;&#8221;][vc_column column_padding=&#8221;no-extra-padding&#8221; column_padding_tablet=&#8221;inherit&#8221; column_padding_phone=&#8221;inherit&#8221; column_padding_position=&#8221;all&#8221; column_element_direction_desktop=&#8221;default&#8221; column_element_spacing=&#8221;default&#8221; desktop_text_alignment=&#8221;default&#8221; tablet_text_alignment=&#8221;default&#8221; phone_text_alignment=&#8221;default&#8221; background_color_opacity=&#8221;1&#8243;&#8230;<\/p>\n","protected":false},"author":1,"featured_media":0,"parent":0,"menu_order":0,"comment_status":"closed","ping_status":"closed","template":"template-no-footer.php","meta":{"footnotes":""},"class_list":["post-6","page","type-page","status-publish"],"_links":{"self":[{"href":"https:\/\/zanattafigueiredo.com\/index.php?rest_route=\/wp\/v2\/pages\/6","targetHints":{"allow":["GET"]}}],"collection":[{"href":"https:\/\/zanattafigueiredo.com\/index.php?rest_route=\/wp\/v2\/pages"}],"about":[{"href":"https:\/\/zanattafigueiredo.com\/index.php?rest_route=\/wp\/v2\/types\/page"}],"author":[{"embeddable":true,"href":"https:\/\/zanattafigueiredo.com\/index.php?rest_route=\/wp\/v2\/users\/1"}],"replies":[{"embeddable":true,"href":"https:\/\/zanattafigueiredo.com\/index.php?rest_route=%2Fwp%2Fv2%2Fcomments&post=6"}],"version-history":[{"count":29,"href":"https:\/\/zanattafigueiredo.com\/index.php?rest_route=\/wp\/v2\/pages\/6\/revisions"}],"predecessor-version":[{"id":867,"href":"https:\/\/zanattafigueiredo.com\/index.php?rest_route=\/wp\/v2\/pages\/6\/revisions\/867"}],"wp:attachment":[{"href":"https:\/\/zanattafigueiredo.com\/index.php?rest_route=%2Fwp%2Fv2%2Fmedia&parent=6"}],"curies":[{"name":"wp","href":"https:\/\/api.w.org\/{rel}","templated":true}]}}